{"id":4030,"date":"2026-01-30T14:54:02","date_gmt":"2026-01-30T13:54:02","guid":{"rendered":"https:\/\/www.byenhof.nl\/massanfertigung\/vertikale-lade-und-entladerampe\/"},"modified":"2026-02-03T13:14:57","modified_gmt":"2026-02-03T12:14:57","slug":"vertikale-lade-und-entladerampe","status":"publish","type":"page","link":"https:\/\/www.byenhof.nl\/de\/massanfertigung\/vertikale-lade-und-entladerampe\/","title":{"rendered":"Vertikale Lade- und Entladerampe"},"content":{"rendered":"\t\t<div data-elementor-type=\"wp-page\" data-elementor-id=\"4030\" class=\"elementor elementor-4030 elementor-3869\" data-elementor-post-type=\"page\">\n\t\t\t\t<div class=\"elementor-element elementor-element-e5eac8e e-flex e-con-boxed e-con e-parent\" data-id=\"e5eac8e\" data-element_type=\"container\" data-e-type=\"container\" data-settings=\"{&quot;background_background&quot;:&quot;classic&quot;}\">\n\t\t\t\t\t<div class=\"e-con-inner\">\n\t\t<div class=\"elementor-element elementor-element-1483bf4 e-con-full e-flex e-con e-child\" data-id=\"1483bf4\" data-element_type=\"container\" data-e-type=\"container\">\n\t\t<div class=\"elementor-element elementor-element-8ce58f3 e-con-full e-flex e-con e-child\" data-id=\"8ce58f3\" data-element_type=\"container\" data-e-type=\"container\">\n\t\t\t\t<div class=\"elementor-element elementor-element-af19871 elementor-widget elementor-widget-heading\" data-id=\"af19871\" data-element_type=\"widget\" data-e-type=\"widget\" data-widget_type=\"heading.default\">\n\t\t\t\t\t<h1 class=\"elementor-heading-title elementor-size-default\">Vertikale Lade- und Entladerampe<\/h1>\t\t\t\t<\/div>\n\t\t\t\t<div class=\"elementor-element elementor-element-3c68378 elementor-widget elementor-widget-text-editor\" data-id=\"3c68378\" data-element_type=\"widget\" data-e-type=\"widget\" data-widget_type=\"text-editor.default\">\n\t\t\t\t\t\t\t\t\t<p>Sicheres Be- und Entladen beginnt mit der richtigen Technik!<\/p>\t\t\t\t\t\t\t\t<\/div>\n\t\t\t\t<\/div>\n\t\t\t\t<\/div>\n\t\t<div class=\"elementor-element elementor-element-e6f883b e-con-full e-flex e-con e-child\" data-id=\"e6f883b\" data-element_type=\"container\" data-e-type=\"container\">\n\t\t<div class=\"elementor-element elementor-element-970f461 e-con-full e-flex e-con e-child\" data-id=\"970f461\" data-element_type=\"container\" data-e-type=\"container\">\n\t\t<div class=\"elementor-element elementor-element-b95dae4 e-con-full e-flex e-con e-child\" data-id=\"b95dae4\" data-element_type=\"container\" data-e-type=\"container\">\n\t\t\t\t<div class=\"elementor-element elementor-element-ae6d8cb elementor-widget__width-initial elementor-widget elementor-widget-video\" data-id=\"ae6d8cb\" data-element_type=\"widget\" data-e-type=\"widget\" data-settings=\"{&quot;youtube_url&quot;:&quot;https:\\\/\\\/youtube.com\\\/shorts\\\/2vFDhSOOgbk?feature=share&quot;,&quot;video_type&quot;:&quot;youtube&quot;,&quot;controls&quot;:&quot;yes&quot;}\" data-widget_type=\"video.default\">\n\t\t\t\t\t\t\t<div class=\"elementor-wrapper elementor-open-inline\">\n\t\t\t<div class=\"elementor-video\"><\/div>\t\t<\/div>\n\t\t\t\t\t\t<\/div>\n\t\t\t\t<\/div>\n\t\t\t\t<\/div>\n\t\t\t\t<\/div>\n\t\t\t\t\t<\/div>\n\t\t\t\t<\/div>\n\t\t<div class=\"elementor-element elementor-element-fa8b472 e-flex e-con-boxed e-con e-parent\" data-id=\"fa8b472\" data-element_type=\"container\" data-e-type=\"container\">\n\t\t\t\t\t<div class=\"e-con-inner\">\n\t\t<div class=\"elementor-element elementor-element-907066f e-con-full e-flex e-con e-child\" data-id=\"907066f\" data-element_type=\"container\" data-e-type=\"container\">\n\t\t\t\t<div class=\"elementor-element elementor-element-a340245 elementor-widget elementor-widget-text-editor\" data-id=\"a340245\" data-element_type=\"widget\" data-e-type=\"widget\" data-widget_type=\"text-editor.default\">\n\t\t\t\t\t\t\t\t\t<div class=\"xdj266r x14z9mp xat24cr x1lziwak x1vvkbs x126k92a\"><div dir=\"auto\"><div class=\"xdj266r x14z9mp xat24cr x1lziwak x1vvkbs x126k92a\"><div dir=\"auto\">Bei Bijenhof Bedrijfsdeuren in &#8217;s-Heerenberg fertigen wir ein vertikal bewegliches Lade- und Entladerampensystem vollst\u00e4ndig in Eigenregie.<\/div><\/div><div class=\"x14z9mp xat24cr x1lziwak x1vvkbs xtlvy1s x126k92a\"><div dir=\"auto\"> <\/div><div dir=\"auto\">Was bewirkt dieses System?<\/div><\/div><div class=\"x14z9mp xat24cr x1lziwak x1vvkbs xtlvy1s x126k92a\"><div dir=\"auto\">Der T\u00fcrpanzer gleitet sanft auf und ab und bietet eine robuste Abschirmung beim Be- und Entladen an einer Geschossdecke. Dies sorgt nicht nur f\u00fcr Sicherheit, sondern auch f\u00fcr einen reibungsloseren Arbeitsablauf und verhindert die Gefahr von St\u00fcrzen. <\/div><div dir=\"auto\"> <\/div><\/div><div class=\"x14z9mp xat24cr x1lziwak x1vvkbs xtlvy1s x126k92a\"><div dir=\"auto\"><span class=\"html-span xexx8yu xyri2b x18d9i69 x1c1uobl x1hl2dhg x16tdsg8 x1vvkbs x3nfvp2 x1j61x8r x1fcty0u xdj266r xat24cr xm2jcoa x1mpyi22 xxymvpz xlup9mm x1kky2od\"><img decoding=\"async\" class=\"xz74otr x15mokao x1ga7v0g x16uus16 xbiv7yw\" src=\"https:\/\/static.xx.fbcdn.net\/images\/emoji.php\/v9\/t33\/1\/16\/2705.png\" alt=\"\u2705\" width=\"16\" height=\"16\"><\/span> Eigene Konstruktion und Produktion \u2013 alles unter einem Dach<\/div><div dir=\"auto\"><span class=\"html-span xexx8yu xyri2b x18d9i69 x1c1uobl x1hl2dhg x16tdsg8 x1vvkbs x3nfvp2 x1j61x8r x1fcty0u xdj266r xat24cr xm2jcoa x1mpyi22 xxymvpz xlup9mm x1kky2od\"><img decoding=\"async\" class=\"xz74otr x15mokao x1ga7v0g x16uus16 xbiv7yw\" src=\"https:\/\/static.xx.fbcdn.net\/images\/emoji.php\/v9\/t33\/1\/16\/2705.png\" alt=\"\u2705\" width=\"16\" height=\"16\"><\/span> Solide und nachhaltig aufgebaut<\/div><div dir=\"auto\"><span class=\"html-span xexx8yu xyri2b x18d9i69 x1c1uobl x1hl2dhg x16tdsg8 x1vvkbs x3nfvp2 x1j61x8r x1fcty0u xdj266r xat24cr xm2jcoa x1mpyi22 xxymvpz xlup9mm x1kky2od\"><img decoding=\"async\" class=\"xz74otr x15mokao x1ga7v0g x16uus16 xbiv7yw\" src=\"https:\/\/static.xx.fbcdn.net\/images\/emoji.php\/v9\/t33\/1\/16\/2705.png\" alt=\"\u2705\" width=\"16\" height=\"16\"><\/span> Elektrisch angetrieben f\u00fcr stabile Bewegung<\/div><div dir=\"auto\"><span class=\"html-span xexx8yu xyri2b x18d9i69 x1c1uobl x1hl2dhg x16tdsg8 x1vvkbs x3nfvp2 x1j61x8r x1fcty0u xdj266r xat24cr xm2jcoa x1mpyi22 xxymvpz xlup9mm x1kky2od\"><img decoding=\"async\" class=\"xz74otr x15mokao x1ga7v0g x16uus16 xbiv7yw\" src=\"https:\/\/static.xx.fbcdn.net\/images\/emoji.php\/v9\/t33\/1\/16\/2705.png\" alt=\"\u2705\" width=\"16\" height=\"16\"><\/span> Ma\u00dfarbeit in Abmessungen und Ausf\u00fchrung<\/div><div dir=\"auto\"><span class=\"html-span xexx8yu xyri2b x18d9i69 x1c1uobl x1hl2dhg x16tdsg8 x1vvkbs x3nfvp2 x1j61x8r x1fcty0u xdj266r xat24cr xm2jcoa x1mpyi22 xxymvpz xlup9mm x1kky2od\"><img decoding=\"async\" class=\"xz74otr x15mokao x1ga7v0g x16uus16 xbiv7yw\" src=\"https:\/\/static.xx.fbcdn.net\/images\/emoji.php\/v9\/t33\/1\/16\/2705.png\" alt=\"\u2705\" width=\"16\" height=\"16\"><\/span> Ideal f\u00fcr Landwirtschaft, Industrie oder Transportsektor<\/div><div dir=\"auto\"><span class=\"html-span xexx8yu xyri2b x18d9i69 x1c1uobl x1hl2dhg x16tdsg8 x1vvkbs x3nfvp2 x1j61x8r x1fcty0u xdj266r xat24cr xm2jcoa x1mpyi22 xxymvpz xlup9mm x1kky2od\"><img decoding=\"async\" class=\"xz74otr x15mokao x1ga7v0g x16uus16 xbiv7yw\" src=\"https:\/\/static.xx.fbcdn.net\/images\/emoji.php\/v9\/t33\/1\/16\/2705.png\" alt=\"\u2705\" width=\"16\" height=\"16\"><\/span> Sch\u00fctzt Personal und G\u00fcter<\/div><div dir=\"auto\"> <\/div><\/div><div class=\"x14z9mp xat24cr x1lziwak x1vvkbs xtlvy1s x126k92a\"><div dir=\"auto\">Spezifikationen:<\/div><div dir=\"auto\">\u2022 Alle Abmessungen m\u00f6glich <\/div><div dir=\"auto\">\u2022 Vollst\u00e4ndige Stahlkonstruktion<\/div><div dir=\"auto\">\u2022 Sicherheitsvorkehrungen integriert<\/div><div dir=\"auto\">\u2022 Elektrische Bedienung<\/div><div dir=\"auto\">\u2022 Auch als Trennwand oder Absturzsicherung einsetzbar<\/div><div dir=\"auto\"> <\/div><\/div><div class=\"x14z9mp xat24cr x1lziwak x1vvkbs xtlvy1s x126k92a\"><div dir=\"auto\">Wir denken mit von der Idee bis zur Installation. Interesse? Wir freuen uns, von Ihnen zu h\u00f6ren! <\/div><div dir=\"auto\">Bijenhof Bedrijfsdeuren \u2013 Technik, die funktioniert, Schutz, der z\u00e4hlt.<\/div><\/div><\/div><\/div>\t\t\t\t\t\t\t\t<\/div>\n\t\t\t\t<\/div>\n\t\t<div class=\"elementor-element elementor-element-7e2b41e e-con-full e-flex e-con e-child\" data-id=\"7e2b41e\" data-element_type=\"container\" data-e-type=\"container\">\n\t\t\t\t<div class=\"elementor-element elementor-element-0bdcfb8 elementor-widget__width-initial elementor-widget elementor-widget-image\" data-id=\"0bdcfb8\" data-element_type=\"widget\" data-e-type=\"widget\" data-widget_type=\"image.default\">\n\t\t\t\t\t\t\t\t\t\t\t\t\t\t\t<img fetchpriority=\"high\" decoding=\"async\" width=\"1920\" height=\"2560\" src=\"https:\/\/www.byenhof.nl\/wp-content\/uploads\/2026\/01\/2025-05-09-14.17.05-scaled.jpg\" class=\"attachment-medium size-medium wp-image-4031\" alt=\"\" srcset=\"https:\/\/www.byenhof.nl\/wp-content\/uploads\/2026\/01\/2025-05-09-14.17.05-scaled.jpg 1920w, https:\/\/www.byenhof.nl\/wp-content\/uploads\/2026\/01\/2025-05-09-14.17.05-768x1024.jpg 768w, https:\/\/www.byenhof.nl\/wp-content\/uploads\/2026\/01\/2025-05-09-14.17.05-1152x1536.jpg 1152w, https:\/\/www.byenhof.nl\/wp-content\/uploads\/2026\/01\/2025-05-09-14.17.05-1536x2048.jpg 1536w\" sizes=\"(max-width: 1920px) 100vw, 1920px\" \/>\t\t\t\t\t\t\t\t\t\t\t\t\t\t\t<\/div>\n\t\t\t\t<\/div>\n\t\t\t\t\t<\/div>\n\t\t\t\t<\/div>\n\t\t<div class=\"elementor-element elementor-element-861dfaa e-flex e-con-boxed e-con e-parent\" data-id=\"861dfaa\" data-element_type=\"container\" data-e-type=\"container\">\n\t\t\t\t\t<div class=\"e-con-inner\">\n\t\t<div class=\"elementor-element elementor-element-af9836b e-con-full e-flex e-con e-child\" data-id=\"af9836b\" data-element_type=\"container\" data-e-type=\"container\">\n\t\t\t\t<div class=\"elementor-element elementor-element-0b362bb elementor-widget elementor-widget-image\" data-id=\"0b362bb\" data-element_type=\"widget\" data-e-type=\"widget\" data-widget_type=\"image.default\">\n\t\t\t\t\t\t\t\t\t\t\t\t\t\t\t<img decoding=\"async\" width=\"1920\" height=\"2560\" src=\"https:\/\/www.byenhof.nl\/wp-content\/uploads\/2026\/01\/gh-scaled.jpg\" class=\"attachment-large size-large wp-image-4032\" alt=\"\" srcset=\"https:\/\/www.byenhof.nl\/wp-content\/uploads\/2026\/01\/gh-scaled.jpg 1920w, https:\/\/www.byenhof.nl\/wp-content\/uploads\/2026\/01\/gh-768x1024.jpg 768w, https:\/\/www.byenhof.nl\/wp-content\/uploads\/2026\/01\/gh-1152x1536.jpg 1152w, https:\/\/www.byenhof.nl\/wp-content\/uploads\/2026\/01\/gh-1536x2048.jpg 1536w\" sizes=\"(max-width: 1920px) 100vw, 1920px\" \/>\t\t\t\t\t\t\t\t\t\t\t\t\t\t\t<\/div>\n\t\t\t\t<\/div>\n\t\t<div class=\"elementor-element elementor-element-36fad63 e-con-full e-flex e-con e-child\" data-id=\"36fad63\" data-element_type=\"container\" data-e-type=\"container\">\n\t\t\t\t<div class=\"elementor-element elementor-element-f2b96b9 elementor-widget elementor-widget-image\" data-id=\"f2b96b9\" data-element_type=\"widget\" data-e-type=\"widget\" data-widget_type=\"image.default\">\n\t\t\t\t\t\t\t\t\t\t\t\t\t\t\t<img loading=\"lazy\" decoding=\"async\" width=\"1536\" height=\"2048\" src=\"https:\/\/www.byenhof.nl\/wp-content\/uploads\/2026\/01\/2025-05-09-14.37.54.jpg\" class=\"attachment-large size-large wp-image-4258\" alt=\"\" srcset=\"https:\/\/www.byenhof.nl\/wp-content\/uploads\/2026\/01\/2025-05-09-14.37.54.jpg 1536w, https:\/\/www.byenhof.nl\/wp-content\/uploads\/2026\/01\/2025-05-09-14.37.54-768x1024.jpg 768w, https:\/\/www.byenhof.nl\/wp-content\/uploads\/2026\/01\/2025-05-09-14.37.54-1152x1536.jpg 1152w\" sizes=\"(max-width: 1536px) 100vw, 1536px\" \/>\t\t\t\t\t\t\t\t\t\t\t\t\t\t\t<\/div>\n\t\t\t\t<\/div>\n\t\t\t\t\t<\/div>\n\t\t\t\t<\/div>\n\t\t\t\t<\/div>\n\t\t","protected":false},"excerpt":{"rendered":"<p>Vertikale Lade- und Entladerampe Sicheres Be- und Entladen beginnt mit der richtigen Technik! https:\/\/youtube.com\/shorts\/2vFDhSOOgbk?feature=shareBei Bijenhof Bedrijfsdeuren in &#8217;s-Heerenberg fertigen wir ein vertikal bewegliches Lade- und Entladerampensystem vollst\u00e4ndig in Eigenregie. Was bewirkt dieses System?Der T\u00fcrpanzer gleitet sanft auf und ab und bietet eine robuste Abschirmung beim Be- und Entladen an einer Geschossdecke. Dies sorgt nicht nur [&hellip;]<\/p>\n","protected":false},"author":3,"featured_media":4019,"parent":3726,"menu_order":0,"comment_status":"closed","ping_status":"closed","template":"elementor_header_footer","meta":{"footnotes":""},"class_list":["post-4030","page","type-page","status-publish","has-post-thumbnail","hentry"],"yoast_head":"<!-- This site is optimized with the Yoast SEO plugin v27.1.1 - https:\/\/yoast.com\/product\/yoast-seo-wordpress\/ -->\n<title>Vertikale Lade- und Entladerampe - Byenhof Bedrijfsdeuren<\/title>\n<meta name=\"robots\" content=\"index, follow, max-snippet:-1, max-image-preview:large, max-video-preview:-1\" \/>\n<link rel=\"canonical\" href=\"https:\/\/www.byenhof.nl\/maatwerk\/verticaal-laad-los-perron\/\" \/>\n<meta property=\"og:locale\" content=\"de_DE\" \/>\n<meta property=\"og:type\" content=\"article\" \/>\n<meta property=\"og:title\" content=\"Vertikale Lade- und Entladerampe - Byenhof Bedrijfsdeuren\" \/>\n<meta property=\"og:description\" content=\"Vertikale Lade- und Entladerampe Sicheres Be- und Entladen beginnt mit der richtigen Technik! https:\/\/youtube.com\/shorts\/2vFDhSOOgbk?feature=shareBei Bijenhof Bedrijfsdeuren in &#8217;s-Heerenberg fertigen wir ein vertikal bewegliches Lade- und Entladerampensystem vollst\u00e4ndig in Eigenregie. Was bewirkt dieses System?Der T\u00fcrpanzer gleitet sanft auf und ab und bietet eine robuste Abschirmung beim Be- und Entladen an einer Geschossdecke. Dies sorgt nicht nur [&hellip;]\" \/>\n<meta property=\"og:url\" content=\"https:\/\/www.byenhof.nl\/maatwerk\/verticaal-laad-los-perron\/\" \/>\n<meta property=\"og:site_name\" content=\"Byenhof Bedrijfsdeuren\" \/>\n<meta property=\"article:publisher\" content=\"https:\/\/www.facebook.com\/Byenhof-AK-Techniek-BV-219453718085032\" \/>\n<meta property=\"article:modified_time\" content=\"2026-02-03T12:14:57+00:00\" \/>\n<meta property=\"og:image\" content=\"https:\/\/www.byenhof.nl\/wp-content\/uploads\/2026\/01\/2025-05-09-14.17.07-scaled.jpg\" \/>\n\t<meta property=\"og:image:width\" content=\"1920\" \/>\n\t<meta property=\"og:image:height\" content=\"2560\" \/>\n\t<meta property=\"og:image:type\" content=\"image\/jpeg\" \/>\n<meta name=\"twitter:card\" content=\"summary_large_image\" \/>\n<meta name=\"twitter:site\" content=\"@byenhof\" \/>\n<meta name=\"twitter:label1\" content=\"Gesch\u00e4tzte Lesezeit\" \/>\n\t<meta name=\"twitter:data1\" content=\"1\u00a0Minute\" \/>\n<script type=\"application\/ld+json\" class=\"yoast-schema-graph\">{\"@context\":\"https:\/\/schema.org\",\"@graph\":[{\"@type\":\"WebPage\",\"@id\":\"https:\/\/www.byenhof.nl\/maatwerk\/verticaal-laad-los-perron\/\",\"url\":\"https:\/\/www.byenhof.nl\/maatwerk\/verticaal-laad-los-perron\/\",\"name\":\"Vertikale Lade- und Entladerampe - Byenhof Bedrijfsdeuren\",\"isPartOf\":{\"@id\":\"https:\/\/www.byenhof.nl\/#website\"},\"primaryImageOfPage\":{\"@id\":\"https:\/\/www.byenhof.nl\/maatwerk\/verticaal-laad-los-perron\/#primaryimage\"},\"image\":{\"@id\":\"https:\/\/www.byenhof.nl\/maatwerk\/verticaal-laad-los-perron\/#primaryimage\"},\"thumbnailUrl\":\"https:\/\/www.byenhof.nl\/wp-content\/uploads\/2026\/01\/2025-05-09-14.17.07-scaled.jpg\",\"datePublished\":\"2026-01-30T13:54:02+00:00\",\"dateModified\":\"2026-02-03T12:14:57+00:00\",\"breadcrumb\":{\"@id\":\"https:\/\/www.byenhof.nl\/maatwerk\/verticaal-laad-los-perron\/#breadcrumb\"},\"inLanguage\":\"de\",\"potentialAction\":[{\"@type\":\"ReadAction\",\"target\":[\"https:\/\/www.byenhof.nl\/maatwerk\/verticaal-laad-los-perron\/\"]}]},{\"@type\":\"ImageObject\",\"inLanguage\":\"de\",\"@id\":\"https:\/\/www.byenhof.nl\/maatwerk\/verticaal-laad-los-perron\/#primaryimage\",\"url\":\"https:\/\/www.byenhof.nl\/wp-content\/uploads\/2026\/01\/2025-05-09-14.17.07-scaled.jpg\",\"contentUrl\":\"https:\/\/www.byenhof.nl\/wp-content\/uploads\/2026\/01\/2025-05-09-14.17.07-scaled.jpg\",\"width\":1920,\"height\":2560},{\"@type\":\"BreadcrumbList\",\"@id\":\"https:\/\/www.byenhof.nl\/maatwerk\/verticaal-laad-los-perron\/#breadcrumb\",\"itemListElement\":[{\"@type\":\"ListItem\",\"position\":1,\"name\":\"Startseite\",\"item\":\"https:\/\/www.byenhof.nl\/de\/startseite\/\"},{\"@type\":\"ListItem\",\"position\":2,\"name\":\"Spezialangebote\",\"item\":\"https:\/\/www.byenhof.nl\/maatwerk\/\"},{\"@type\":\"ListItem\",\"position\":3,\"name\":\"Vertikale Lade- und Entladerampe\"}]},{\"@type\":\"WebSite\",\"@id\":\"https:\/\/www.byenhof.nl\/#website\",\"url\":\"https:\/\/www.byenhof.nl\/\",\"name\":\"Byenhof Bedrijfsdeuren\",\"description\":\"\",\"publisher\":{\"@id\":\"https:\/\/www.byenhof.nl\/#organization\"},\"potentialAction\":[{\"@type\":\"SearchAction\",\"target\":{\"@type\":\"EntryPoint\",\"urlTemplate\":\"https:\/\/www.byenhof.nl\/?s={search_term_string}\"},\"query-input\":{\"@type\":\"PropertyValueSpecification\",\"valueRequired\":true,\"valueName\":\"search_term_string\"}}],\"inLanguage\":\"de\"},{\"@type\":\"Organization\",\"@id\":\"https:\/\/www.byenhof.nl\/#organization\",\"name\":\"Byenhof Bedrijfsdeuren\",\"url\":\"https:\/\/www.byenhof.nl\/\",\"logo\":{\"@type\":\"ImageObject\",\"inLanguage\":\"de\",\"@id\":\"https:\/\/www.byenhof.nl\/#\/schema\/logo\/image\/\",\"url\":\"https:\/\/www.byenhof.nl\/wp-content\/uploads\/2026\/01\/Byenhof-Bedrijfsdeuren-zwart-wit-wit_25.jpg\",\"contentUrl\":\"https:\/\/www.byenhof.nl\/wp-content\/uploads\/2026\/01\/Byenhof-Bedrijfsdeuren-zwart-wit-wit_25.jpg\",\"caption\":\"Byenhof Bedrijfsdeuren\"},\"image\":{\"@id\":\"https:\/\/www.byenhof.nl\/#\/schema\/logo\/image\/\"},\"sameAs\":[\"https:\/\/www.facebook.com\/Byenhof-AK-Techniek-BV-219453718085032\",\"https:\/\/x.com\/byenhof\",\"https:\/\/www.youtube.com\/channel\/UCsru8FAZlgDK3Iy0zXfHwiA\"]}]}<\/script>\n<!-- \/ Yoast SEO plugin. -->","yoast_head_json":{"title":"Vertikale Lade- und Entladerampe - Byenhof Bedrijfsdeuren","robots":{"index":"index","follow":"follow","max-snippet":"max-snippet:-1","max-image-preview":"max-image-preview:large","max-video-preview":"max-video-preview:-1"},"canonical":"https:\/\/www.byenhof.nl\/maatwerk\/verticaal-laad-los-perron\/","og_locale":"de_DE","og_type":"article","og_title":"Vertikale Lade- und Entladerampe - Byenhof Bedrijfsdeuren","og_description":"Vertikale Lade- und Entladerampe Sicheres Be- und Entladen beginnt mit der richtigen Technik! https:\/\/youtube.com\/shorts\/2vFDhSOOgbk?feature=shareBei Bijenhof Bedrijfsdeuren in &#8217;s-Heerenberg fertigen wir ein vertikal bewegliches Lade- und Entladerampensystem vollst\u00e4ndig in Eigenregie. Was bewirkt dieses System?Der T\u00fcrpanzer gleitet sanft auf und ab und bietet eine robuste Abschirmung beim Be- und Entladen an einer Geschossdecke. Dies sorgt nicht nur [&hellip;]","og_url":"https:\/\/www.byenhof.nl\/maatwerk\/verticaal-laad-los-perron\/","og_site_name":"Byenhof Bedrijfsdeuren","article_publisher":"https:\/\/www.facebook.com\/Byenhof-AK-Techniek-BV-219453718085032","article_modified_time":"2026-02-03T12:14:57+00:00","og_image":[{"width":1920,"height":2560,"url":"https:\/\/www.byenhof.nl\/wp-content\/uploads\/2026\/01\/2025-05-09-14.17.07-scaled.jpg","type":"image\/jpeg"}],"twitter_card":"summary_large_image","twitter_site":"@byenhof","twitter_misc":{"Gesch\u00e4tzte Lesezeit":"1\u00a0Minute"},"schema":{"@context":"https:\/\/schema.org","@graph":[{"@type":"WebPage","@id":"https:\/\/www.byenhof.nl\/maatwerk\/verticaal-laad-los-perron\/","url":"https:\/\/www.byenhof.nl\/maatwerk\/verticaal-laad-los-perron\/","name":"Vertikale Lade- und Entladerampe - Byenhof Bedrijfsdeuren","isPartOf":{"@id":"https:\/\/www.byenhof.nl\/#website"},"primaryImageOfPage":{"@id":"https:\/\/www.byenhof.nl\/maatwerk\/verticaal-laad-los-perron\/#primaryimage"},"image":{"@id":"https:\/\/www.byenhof.nl\/maatwerk\/verticaal-laad-los-perron\/#primaryimage"},"thumbnailUrl":"https:\/\/www.byenhof.nl\/wp-content\/uploads\/2026\/01\/2025-05-09-14.17.07-scaled.jpg","datePublished":"2026-01-30T13:54:02+00:00","dateModified":"2026-02-03T12:14:57+00:00","breadcrumb":{"@id":"https:\/\/www.byenhof.nl\/maatwerk\/verticaal-laad-los-perron\/#breadcrumb"},"inLanguage":"de","potentialAction":[{"@type":"ReadAction","target":["https:\/\/www.byenhof.nl\/maatwerk\/verticaal-laad-los-perron\/"]}]},{"@type":"ImageObject","inLanguage":"de","@id":"https:\/\/www.byenhof.nl\/maatwerk\/verticaal-laad-los-perron\/#primaryimage","url":"https:\/\/www.byenhof.nl\/wp-content\/uploads\/2026\/01\/2025-05-09-14.17.07-scaled.jpg","contentUrl":"https:\/\/www.byenhof.nl\/wp-content\/uploads\/2026\/01\/2025-05-09-14.17.07-scaled.jpg","width":1920,"height":2560},{"@type":"BreadcrumbList","@id":"https:\/\/www.byenhof.nl\/maatwerk\/verticaal-laad-los-perron\/#breadcrumb","itemListElement":[{"@type":"ListItem","position":1,"name":"Startseite","item":"https:\/\/www.byenhof.nl\/de\/startseite\/"},{"@type":"ListItem","position":2,"name":"Spezialangebote","item":"https:\/\/www.byenhof.nl\/maatwerk\/"},{"@type":"ListItem","position":3,"name":"Vertikale Lade- und Entladerampe"}]},{"@type":"WebSite","@id":"https:\/\/www.byenhof.nl\/#website","url":"https:\/\/www.byenhof.nl\/","name":"Byenhof Bedrijfsdeuren","description":"","publisher":{"@id":"https:\/\/www.byenhof.nl\/#organization"},"potentialAction":[{"@type":"SearchAction","target":{"@type":"EntryPoint","urlTemplate":"https:\/\/www.byenhof.nl\/?s={search_term_string}"},"query-input":{"@type":"PropertyValueSpecification","valueRequired":true,"valueName":"search_term_string"}}],"inLanguage":"de"},{"@type":"Organization","@id":"https:\/\/www.byenhof.nl\/#organization","name":"Byenhof Bedrijfsdeuren","url":"https:\/\/www.byenhof.nl\/","logo":{"@type":"ImageObject","inLanguage":"de","@id":"https:\/\/www.byenhof.nl\/#\/schema\/logo\/image\/","url":"https:\/\/www.byenhof.nl\/wp-content\/uploads\/2026\/01\/Byenhof-Bedrijfsdeuren-zwart-wit-wit_25.jpg","contentUrl":"https:\/\/www.byenhof.nl\/wp-content\/uploads\/2026\/01\/Byenhof-Bedrijfsdeuren-zwart-wit-wit_25.jpg","caption":"Byenhof Bedrijfsdeuren"},"image":{"@id":"https:\/\/www.byenhof.nl\/#\/schema\/logo\/image\/"},"sameAs":["https:\/\/www.facebook.com\/Byenhof-AK-Techniek-BV-219453718085032","https:\/\/x.com\/byenhof","https:\/\/www.youtube.com\/channel\/UCsru8FAZlgDK3Iy0zXfHwiA"]}]}},"_links":{"self":[{"href":"https:\/\/www.byenhof.nl\/de\/wp-json\/wp\/v2\/pages\/4030","targetHints":{"allow":["GET"]}}],"collection":[{"href":"https:\/\/www.byenhof.nl\/de\/wp-json\/wp\/v2\/pages"}],"about":[{"href":"https:\/\/www.byenhof.nl\/de\/wp-json\/wp\/v2\/types\/page"}],"author":[{"embeddable":true,"href":"https:\/\/www.byenhof.nl\/de\/wp-json\/wp\/v2\/users\/3"}],"replies":[{"embeddable":true,"href":"https:\/\/www.byenhof.nl\/de\/wp-json\/wp\/v2\/comments?post=4030"}],"version-history":[{"count":4,"href":"https:\/\/www.byenhof.nl\/de\/wp-json\/wp\/v2\/pages\/4030\/revisions"}],"predecessor-version":[{"id":4850,"href":"https:\/\/www.byenhof.nl\/de\/wp-json\/wp\/v2\/pages\/4030\/revisions\/4850"}],"up":[{"embeddable":true,"href":"https:\/\/www.byenhof.nl\/de\/wp-json\/wp\/v2\/pages\/3726"}],"wp:featuredmedia":[{"embeddable":true,"href":"https:\/\/www.byenhof.nl\/de\/wp-json\/wp\/v2\/media\/4019"}],"wp:attachment":[{"href":"https:\/\/www.byenhof.nl\/de\/wp-json\/wp\/v2\/media?parent=4030"}],"curies":[{"name":"wp","href":"https:\/\/api.w.org\/{rel}","templated":true}]}}